{"id":613,"date":"2025-01-27T21:17:27","date_gmt":"2025-01-27T21:17:27","guid":{"rendered":"https:\/\/observatorioopara.com.br\/?page_id=613"},"modified":"2025-01-30T15:53:06","modified_gmt":"2025-01-30T18:53:06","slug":"opara-em-acao","status":"publish","type":"page","link":"https:\/\/observatorioopara.com.br\/?page_id=613","title":{"rendered":"Opar\u00e1 em a\u00e7\u00e3o"},"content":{"rendered":"\t\t<div data-elementor-type=\"wp-page\" data-elementor-id=\"613\" class=\"elementor elementor-613\">\n\t\t\t\t\t\t<section class=\"elementor-section elementor-top-section elementor-element elementor-element-734f5f8 elementor-section-boxed elementor-section-height-default elementor-section-height-default wpr-sticky-section-no\" data-id=\"734f5f8\" data-element_type=\"section\" data-settings=\"{&quot;background_background&quot;:&quot;classic&quot;}\">\n\t\t\t\t\t\t<div class=\"elementor-container elementor-column-gap-default\">\n\t\t\t\t\t<div class=\"elementor-column elementor-col-100 elementor-top-column elementor-element elementor-element-c29c7e5\" data-id=\"c29c7e5\" data-element_type=\"column\">\n\t\t\t<div class=\"elementor-widget-wrap elementor-element-populated\">\n\t\t\t\t\t\t<div class=\"elementor-element elementor-element-b3adb40 wpr-grid-columns-3 wpr-item-styles-wrapper wpr-grid-columns--tablet2 wpr-grid-columns--mobile1 wpr-grid-pagination-center elementor-widget elementor-widget-wpr-grid\" data-id=\"b3adb40\" data-element_type=\"widget\" data-widget_type=\"wpr-grid.default\">\n\t\t\t\t<div class=\"elementor-widget-container\">\n\t\t\t\t\t<ul class=\"wpr-grid-filters elementor-clearfix wpr-grid-filters-sep-right\"><li class=\" wpr-pointer-none wpr-pointer-line-fx wpr-pointer-fx-none\"><span  data-filter=\"*\" class=\"wpr-grid-filters-item wpr-active-filter \">Todas<\/span><em class=\"wpr-grid-filters-sep\"><\/em><\/li><li class=\" wpr-pointer-none wpr-pointer-line-fx wpr-pointer-fx-none\"><span   data-ajax-filter=[\"category\",\"opara_em_acao\"]  data-filter=\".category-opara_em_acao\">Opar\u00e1 em A\u00e7\u00e3o<\/span><em class=\"wpr-grid-filters-sep\"><\/em><\/li><\/ul><section class=\"wpr-grid elementor-clearfix\" data-settings=\"{&quot;layout&quot;:&quot;fitRows&quot;,&quot;stick_last_element_to_bottom&quot;:&quot;&quot;,&quot;columns_desktop&quot;:&quot;3&quot;,&quot;gutter_hr&quot;:15,&quot;gutter_hr_mobile&quot;:15,&quot;gutter_hr_mobile_extra&quot;:15,&quot;gutter_hr_tablet&quot;:15,&quot;gutter_hr_tablet_extra&quot;:15,&quot;gutter_hr_laptop&quot;:15,&quot;gutter_hr_widescreen&quot;:15,&quot;gutter_vr&quot;:15,&quot;gutter_vr_mobile&quot;:15,&quot;gutter_vr_mobile_extra&quot;:15,&quot;gutter_vr_tablet&quot;:15,&quot;gutter_vr_tablet_extra&quot;:15,&quot;gutter_vr_laptop&quot;:15,&quot;gutter_vr_widescreen&quot;:15,&quot;animation&quot;:&quot;fade&quot;,&quot;animation_duration&quot;:0.40000000000000002220446049250313080847263336181640625,&quot;animation_delay&quot;:0.200000000000000011102230246251565404236316680908203125,&quot;deeplinking&quot;:&quot;&quot;,&quot;filters_linkable&quot;:&quot;no&quot;,&quot;filters_default_filter&quot;:&quot;&quot;,&quot;filters_count&quot;:&quot;&quot;,&quot;filters_hide_empty&quot;:&quot;yes&quot;,&quot;filters_animation&quot;:&quot;default&quot;,&quot;filters_animation_duration&quot;:0.40000000000000002220446049250313080847263336181640625,&quot;filters_animation_delay&quot;:0.200000000000000011102230246251565404236316680908203125,&quot;pagination_type&quot;:&quot;load-more&quot;,&quot;pagination_max_pages&quot;:2,&quot;lightbox&quot;:{&quot;selector&quot;:&quot;.wpr-grid-image-wrap&quot;,&quot;iframeMaxWidth&quot;:&quot;60%&quot;,&quot;hash&quot;:false,&quot;autoplay&quot;:&quot;true&quot;,&quot;pause&quot;:5000,&quot;progressBar&quot;:&quot;true&quot;,&quot;counter&quot;:&quot;true&quot;,&quot;controls&quot;:&quot;true&quot;,&quot;getCaptionFromTitleOrAlt&quot;:&quot;true&quot;,&quot;thumbnail&quot;:&quot;&quot;,&quot;showThumbByDefault&quot;:&quot;&quot;,&quot;share&quot;:&quot;&quot;,&quot;zoom&quot;:&quot;true&quot;,&quot;fullScreen&quot;:&quot;true&quot;,&quot;download&quot;:&quot;true&quot;}}\" data-advanced-filters=\"no\"><article class=\"wpr-grid-item elementor-clearfix post-7421 post type-post status-publish format-standard hentry category-opara_em_acao\"><div class=\"wpr-grid-item-inner\"><div class=\"wpr-grid-item-below-content elementor-clearfix\"><div class=\"wpr-grid-item-category elementor-repeater-item-66ca227 wpr-grid-item-display-block wpr-grid-item-align-left wpr-pointer-none wpr-pointer-line-fx wpr-pointer-fx-fade wpr-grid-tax-style-1\"><div class=\"inner-block\"><a class=\" wpr-tax-id-1\" href=\"https:\/\/observatorioopara.com.br\/?cat=1\">Opar\u00e1 em A\u00e7\u00e3o<\/a><\/div><\/div><h2 class=\"wpr-grid-item-title elementor-repeater-item-04b0433 wpr-grid-item-display-block wpr-grid-item-align-left wpr-pointer-none wpr-pointer-line-fx wpr-pointer-fx-fade\"><div class=\"inner-block\"><a target=\"_self\"  href=\"https:\/\/observatorioopara.com.br\/?p=7421\">Opar\u00e1 n\u00e3o \u00e9 tudo a mesma coisa: por que \u00e9 necess\u00e1rio distinguir o Observat\u00f3rio das Pol\u00edticas Afirmativas Raciais (Opar\u00e1) da&hellip;<\/a><\/div><\/h2><div class=\"wpr-grid-item-excerpt elementor-repeater-item-5241605 wpr-grid-item-display-block wpr-grid-item-align-left\"><div class=\"inner-block\"><p>Opar\u00e1 n\u00e3o \u00e9 tudo a mesma coisa: por que \u00e9 necess\u00e1rio distinguir o Observat\u00f3rio das Pol\u00edticas Afirmativas Raciais (Opar\u00e1) da...<\/p><\/div><\/div><div class=\"wpr-grid-item-read-more elementor-repeater-item-dc1027d wpr-grid-item-display-block wpr-grid-item-align-left\"><div class=\"inner-block\"><a target=\"_self\" href=\"https:\/\/observatorioopara.com.br\/?p=7421\" class=\"wpr-button-effect wpr-button-none\"><span class=\"wpr-grid-extra-icon-left\"><svg aria-hidden=\"true\" class=\"e-font-icon-svg e-fas-external-link-alt\" viewBox=\"0 0 512 512\" xmlns=\"http:\/\/www.w3.org\/2000\/svg\"><path d=\"M432,320H400a16,16,0,0,0-16,16V448H64V128H208a16,16,0,0,0,16-16V80a16,16,0,0,0-16-16H48A48,48,0,0,0,0,112V464a48,48,0,0,0,48,48H400a48,48,0,0,0,48-48V336A16,16,0,0,0,432,320ZM488,0h-128c-21.37,0-32.05,25.91-17,41l35.73,35.73L135,320.37a24,24,0,0,0,0,34L157.67,377a24,24,0,0,0,34,0L435.28,133.32,471,169c15,15,41,4.5,41-17V24A24,24,0,0,0,488,0Z\"><\/path><\/svg><\/span><span>Ver a\u00e7\u00e3o<\/span><\/a><\/div><\/div><\/div><\/div><\/article><article class=\"wpr-grid-item elementor-clearfix post-7314 post type-post status-publish format-standard hentry category-noticias category-opara_em_acao\"><div class=\"wpr-grid-item-inner\"><div class=\"wpr-grid-item-below-content elementor-clearfix\"><div class=\"wpr-grid-item-category elementor-repeater-item-66ca227 wpr-grid-item-display-block wpr-grid-item-align-left wpr-pointer-none wpr-pointer-line-fx wpr-pointer-fx-fade wpr-grid-tax-style-1\"><div class=\"inner-block\"><a class=\" wpr-tax-id-8\" href=\"https:\/\/observatorioopara.com.br\/?cat=8\">Not\u00edcias<span class=\"tax-sep\">, <\/span><\/a><a class=\" wpr-tax-id-1\" href=\"https:\/\/observatorioopara.com.br\/?cat=1\">Opar\u00e1 em A\u00e7\u00e3o<\/a><\/div><\/div><h2 class=\"wpr-grid-item-title elementor-repeater-item-04b0433 wpr-grid-item-display-block wpr-grid-item-align-left wpr-pointer-none wpr-pointer-line-fx wpr-pointer-fx-fade\"><div class=\"inner-block\"><a target=\"_self\"  href=\"https:\/\/observatorioopara.com.br\/?p=7314\">O racismo estrutural transformado em \u201cpol\u00edtica p\u00fablica\u201d em Santa Catarina, por Ana Luisa Araujo de Oliveira e Marina Helena Dias&hellip;<\/a><\/div><\/h2><div class=\"wpr-grid-item-excerpt elementor-repeater-item-5241605 wpr-grid-item-display-block wpr-grid-item-align-left\"><div class=\"inner-block\"><p>O racismo estrutural transformado em \u201cpol\u00edtica p\u00fablica\u201d em Santa Catarina Ana Luisa Araujo de Oliveira e Maria Helena Dias da...<\/p><\/div><\/div><div class=\"wpr-grid-item-read-more elementor-repeater-item-dc1027d wpr-grid-item-display-block wpr-grid-item-align-left\"><div class=\"inner-block\"><a target=\"_self\" href=\"https:\/\/observatorioopara.com.br\/?p=7314\" class=\"wpr-button-effect wpr-button-none\"><span class=\"wpr-grid-extra-icon-left\"><svg aria-hidden=\"true\" class=\"e-font-icon-svg e-fas-external-link-alt\" viewBox=\"0 0 512 512\" xmlns=\"http:\/\/www.w3.org\/2000\/svg\"><path d=\"M432,320H400a16,16,0,0,0-16,16V448H64V128H208a16,16,0,0,0,16-16V80a16,16,0,0,0-16-16H48A48,48,0,0,0,0,112V464a48,48,0,0,0,48,48H400a48,48,0,0,0,48-48V336A16,16,0,0,0,432,320ZM488,0h-128c-21.37,0-32.05,25.91-17,41l35.73,35.73L135,320.37a24,24,0,0,0,0,34L157.67,377a24,24,0,0,0,34,0L435.28,133.32,471,169c15,15,41,4.5,41-17V24A24,24,0,0,0,488,0Z\"><\/path><\/svg><\/span><span>Ver a\u00e7\u00e3o<\/span><\/a><\/div><\/div><\/div><\/div><\/article><article class=\"wpr-grid-item elementor-clearfix post-7218 post type-post status-publish format-standard has-post-thumbnail hentry category-noticias category-opara_em_acao\"><div class=\"wpr-grid-item-inner\"><div class=\"wpr-grid-media-wrap wpr-blur-in wpr-effect-size-small \" data-overlay-link=\"\"><div class=\"wpr-grid-image-wrap\" data-src=\"https:\/\/observatorioopara.com.br\/wp-content\/uploads\/2026\/02\/e65b17c0-6ed3-4c71-bd3b-5d7b02f4b296.png\" data-img-on-hover=\"\"  data-src-secondary=\"\"><img decoding=\"async\" data-no-lazy=\"1\" src=\"https:\/\/observatorioopara.com.br\/wp-content\/uploads\/2026\/02\/e65b17c0-6ed3-4c71-bd3b-5d7b02f4b296.png\" alt=\"Nota t\u00e9cnica do Opar\u00e1 exp\u00f5e sorteio ilegal de vagas e MPF recomenda corre\u00e7\u00e3o com lista \u00fanica e repara\u00e7\u00e3o no Instituto Nacional da Mata Atl\u00e2ntica (INMA)\" class=\"wpr-anim-timing-ease-out\"><\/div><div class=\"wpr-grid-media-hover wpr-animation-wrap\"><div class=\"wpr-grid-media-hover-bg \" data-url=\"https:\/\/observatorioopara.com.br\/?p=7218\"><\/div><\/div><\/div><div class=\"wpr-grid-item-below-content elementor-clearfix\"><div class=\"wpr-grid-item-category elementor-repeater-item-66ca227 wpr-grid-item-display-block wpr-grid-item-align-left wpr-pointer-none wpr-pointer-line-fx wpr-pointer-fx-fade wpr-grid-tax-style-1\"><div class=\"inner-block\"><a class=\" wpr-tax-id-8\" href=\"https:\/\/observatorioopara.com.br\/?cat=8\">Not\u00edcias<span class=\"tax-sep\">, <\/span><\/a><a class=\" wpr-tax-id-1\" href=\"https:\/\/observatorioopara.com.br\/?cat=1\">Opar\u00e1 em A\u00e7\u00e3o<\/a><\/div><\/div><h2 class=\"wpr-grid-item-title elementor-repeater-item-04b0433 wpr-grid-item-display-block wpr-grid-item-align-left wpr-pointer-none wpr-pointer-line-fx wpr-pointer-fx-fade\"><div class=\"inner-block\"><a target=\"_self\"  href=\"https:\/\/observatorioopara.com.br\/?p=7218\">Nota t\u00e9cnica do Opar\u00e1 exp\u00f5e sorteio ilegal de vagas e MPF recomenda corre\u00e7\u00e3o com lista \u00fanica e repara\u00e7\u00e3o no Instituto&hellip;<\/a><\/div><\/h2><div class=\"wpr-grid-item-excerpt elementor-repeater-item-5241605 wpr-grid-item-display-block wpr-grid-item-align-left\"><div class=\"inner-block\"><p>Nota t\u00e9cnica do Opar\u00e1 exp\u00f5e sorteio ilegal de vagas e MPF recomenda corre\u00e7\u00e3o com lista \u00fanica e repara\u00e7\u00e3o no Instituto...<\/p><\/div><\/div><div class=\"wpr-grid-item-read-more elementor-repeater-item-dc1027d wpr-grid-item-display-block wpr-grid-item-align-left\"><div class=\"inner-block\"><a target=\"_self\" href=\"https:\/\/observatorioopara.com.br\/?p=7218\" class=\"wpr-button-effect wpr-button-none\"><span class=\"wpr-grid-extra-icon-left\"><svg aria-hidden=\"true\" class=\"e-font-icon-svg e-fas-external-link-alt\" viewBox=\"0 0 512 512\" xmlns=\"http:\/\/www.w3.org\/2000\/svg\"><path d=\"M432,320H400a16,16,0,0,0-16,16V448H64V128H208a16,16,0,0,0,16-16V80a16,16,0,0,0-16-16H48A48,48,0,0,0,0,112V464a48,48,0,0,0,48,48H400a48,48,0,0,0,48-48V336A16,16,0,0,0,432,320ZM488,0h-128c-21.37,0-32.05,25.91-17,41l35.73,35.73L135,320.37a24,24,0,0,0,0,34L157.67,377a24,24,0,0,0,34,0L435.28,133.32,471,169c15,15,41,4.5,41-17V24A24,24,0,0,0,488,0Z\"><\/path><\/svg><\/span><span>Ver a\u00e7\u00e3o<\/span><\/a><\/div><\/div><\/div><\/div><\/article><article class=\"wpr-grid-item elementor-clearfix post-7198 post type-post status-publish format-standard has-post-thumbnail hentry category-eventos category-noticias category-opara_em_acao\"><div class=\"wpr-grid-item-inner\"><div class=\"wpr-grid-media-wrap wpr-blur-in wpr-effect-size-small \" data-overlay-link=\"\"><div class=\"wpr-grid-image-wrap\" data-src=\"https:\/\/observatorioopara.com.br\/wp-content\/uploads\/2026\/02\/cartaz-simposio-1_page-0001-724x1024.jpg\" data-img-on-hover=\"\"  data-src-secondary=\"\"><img decoding=\"async\" data-no-lazy=\"1\" src=\"https:\/\/observatorioopara.com.br\/wp-content\/uploads\/2026\/02\/cartaz-simposio-1_page-0001-724x1024.jpg\" alt=\"OPAR\u00c1 e parceiros realizar\u00e3o o 2\u00ba Simp\u00f3sio sobre Quest\u00e3o Racial\" class=\"wpr-anim-timing-ease-out\"><\/div><div class=\"wpr-grid-media-hover wpr-animation-wrap\"><div class=\"wpr-grid-media-hover-bg \" data-url=\"https:\/\/observatorioopara.com.br\/?p=7198\"><\/div><\/div><\/div><div class=\"wpr-grid-item-below-content elementor-clearfix\"><div class=\"wpr-grid-item-category elementor-repeater-item-66ca227 wpr-grid-item-display-block wpr-grid-item-align-left wpr-pointer-none wpr-pointer-line-fx wpr-pointer-fx-fade wpr-grid-tax-style-1\"><div class=\"inner-block\"><a class=\" wpr-tax-id-26\" href=\"https:\/\/observatorioopara.com.br\/?cat=26\">Eventos<span class=\"tax-sep\">, <\/span><\/a><a class=\" wpr-tax-id-8\" href=\"https:\/\/observatorioopara.com.br\/?cat=8\">Not\u00edcias<span class=\"tax-sep\">, <\/span><\/a><a class=\" wpr-tax-id-1\" href=\"https:\/\/observatorioopara.com.br\/?cat=1\">Opar\u00e1 em A\u00e7\u00e3o<\/a><\/div><\/div><h2 class=\"wpr-grid-item-title elementor-repeater-item-04b0433 wpr-grid-item-display-block wpr-grid-item-align-left wpr-pointer-none wpr-pointer-line-fx wpr-pointer-fx-fade\"><div class=\"inner-block\"><a target=\"_self\"  href=\"https:\/\/observatorioopara.com.br\/?p=7198\">OPAR\u00c1 e parceiros realizar\u00e3o o 2\u00ba Simp\u00f3sio sobre Quest\u00e3o Racial<\/a><\/div><\/h2><div class=\"wpr-grid-item-excerpt elementor-repeater-item-5241605 wpr-grid-item-display-block wpr-grid-item-align-left\"><div class=\"inner-block\"><p>OPAR\u00c1 e parceiros realizar\u00e3o o 2\u00ba Simp\u00f3sio sobre Quest\u00e3o Racial Ascom\/Opar\u00e1 06 de fevereiro de 2026 O Observat\u00f3rio das Pol\u00edticas...<\/p><\/div><\/div><div class=\"wpr-grid-item-read-more elementor-repeater-item-dc1027d wpr-grid-item-display-block wpr-grid-item-align-left\"><div class=\"inner-block\"><a target=\"_self\" href=\"https:\/\/observatorioopara.com.br\/?p=7198\" class=\"wpr-button-effect wpr-button-none\"><span class=\"wpr-grid-extra-icon-left\"><svg aria-hidden=\"true\" class=\"e-font-icon-svg e-fas-external-link-alt\" viewBox=\"0 0 512 512\" xmlns=\"http:\/\/www.w3.org\/2000\/svg\"><path d=\"M432,320H400a16,16,0,0,0-16,16V448H64V128H208a16,16,0,0,0,16-16V80a16,16,0,0,0-16-16H48A48,48,0,0,0,0,112V464a48,48,0,0,0,48,48H400a48,48,0,0,0,48-48V336A16,16,0,0,0,432,320ZM488,0h-128c-21.37,0-32.05,25.91-17,41l35.73,35.73L135,320.37a24,24,0,0,0,0,34L157.67,377a24,24,0,0,0,34,0L435.28,133.32,471,169c15,15,41,4.5,41-17V24A24,24,0,0,0,488,0Z\"><\/path><\/svg><\/span><span>Ver a\u00e7\u00e3o<\/span><\/a><\/div><\/div><\/div><\/div><\/article><article class=\"wpr-grid-item elementor-clearfix post-3150 post type-post status-publish format-standard has-post-thumbnail hentry category-noticias category-opara_em_acao\"><div class=\"wpr-grid-item-inner\"><div class=\"wpr-grid-media-wrap wpr-blur-in wpr-effect-size-small \" data-overlay-link=\"\"><div class=\"wpr-grid-image-wrap\" data-src=\"https:\/\/observatorioopara.com.br\/wp-content\/uploads\/2026\/01\/6866a312-e2e3-4d70-876a-fb2501f6f34d.jpg\" data-img-on-hover=\"\"  data-src-secondary=\"\"><img decoding=\"async\" data-no-lazy=\"1\" src=\"https:\/\/observatorioopara.com.br\/wp-content\/uploads\/2026\/01\/6866a312-e2e3-4d70-876a-fb2501f6f34d.jpg\" alt=\"CHAMADA P\u00daBLICA PARA EDI\u00c7\u00c3O ESPECIAL: UMA D\u00c9CADA DE A\u00c7\u00c3O AFIRMATIVA NO SERVI\u00c7O P\u00daBLICO FEDERAL &#8211; BALAN\u00c7O DA LEI N\u00ba 12.990\/2014\" class=\"wpr-anim-timing-ease-out\"><\/div><div class=\"wpr-grid-media-hover wpr-animation-wrap\"><div class=\"wpr-grid-media-hover-bg \" data-url=\"https:\/\/observatorioopara.com.br\/?p=3150\"><\/div><\/div><\/div><div class=\"wpr-grid-item-below-content elementor-clearfix\"><div class=\"wpr-grid-item-category elementor-repeater-item-66ca227 wpr-grid-item-display-block wpr-grid-item-align-left wpr-pointer-none wpr-pointer-line-fx wpr-pointer-fx-fade wpr-grid-tax-style-1\"><div class=\"inner-block\"><a class=\" wpr-tax-id-8\" href=\"https:\/\/observatorioopara.com.br\/?cat=8\">Not\u00edcias<span class=\"tax-sep\">, <\/span><\/a><a class=\" wpr-tax-id-1\" href=\"https:\/\/observatorioopara.com.br\/?cat=1\">Opar\u00e1 em A\u00e7\u00e3o<\/a><\/div><\/div><h2 class=\"wpr-grid-item-title elementor-repeater-item-04b0433 wpr-grid-item-display-block wpr-grid-item-align-left wpr-pointer-none wpr-pointer-line-fx wpr-pointer-fx-fade\"><div class=\"inner-block\"><a target=\"_self\"  href=\"https:\/\/observatorioopara.com.br\/?p=3150\">CHAMADA P\u00daBLICA PARA EDI\u00c7\u00c3O ESPECIAL: UMA D\u00c9CADA DE A\u00c7\u00c3O AFIRMATIVA NO SERVI\u00c7O P\u00daBLICO FEDERAL &#8211; BALAN\u00c7O DA LEI N\u00ba 12.990\/2014<\/a><\/div><\/h2><div class=\"wpr-grid-item-excerpt elementor-repeater-item-5241605 wpr-grid-item-display-block wpr-grid-item-align-left\"><div class=\"inner-block\"><p>CHAMADA P\u00daBLICA PARA EDI\u00c7\u00c3O ESPECIAL: UMA D\u00c9CADA DE A\u00c7\u00c3O AFIRMATIVA NO SERVI\u00c7O P\u00daBLICO FEDERAL &#8211; BALAN\u00c7O DA LEI N\u00ba 12.990\/2014...<\/p><\/div><\/div><div class=\"wpr-grid-item-read-more elementor-repeater-item-dc1027d wpr-grid-item-display-block wpr-grid-item-align-left\"><div class=\"inner-block\"><a target=\"_self\" href=\"https:\/\/observatorioopara.com.br\/?p=3150\" class=\"wpr-button-effect wpr-button-none\"><span class=\"wpr-grid-extra-icon-left\"><svg aria-hidden=\"true\" class=\"e-font-icon-svg e-fas-external-link-alt\" viewBox=\"0 0 512 512\" xmlns=\"http:\/\/www.w3.org\/2000\/svg\"><path d=\"M432,320H400a16,16,0,0,0-16,16V448H64V128H208a16,16,0,0,0,16-16V80a16,16,0,0,0-16-16H48A48,48,0,0,0,0,112V464a48,48,0,0,0,48,48H400a48,48,0,0,0,48-48V336A16,16,0,0,0,432,320ZM488,0h-128c-21.37,0-32.05,25.91-17,41l35.73,35.73L135,320.37a24,24,0,0,0,0,34L157.67,377a24,24,0,0,0,34,0L435.28,133.32,471,169c15,15,41,4.5,41-17V24A24,24,0,0,0,488,0Z\"><\/path><\/svg><\/span><span>Ver a\u00e7\u00e3o<\/span><\/a><\/div><\/div><\/div><\/div><\/article><article class=\"wpr-grid-item elementor-clearfix post-2424 post type-post status-publish format-standard has-post-thumbnail hentry category-noticias category-opara_em_acao tag-remocao-cartorios\"><div class=\"wpr-grid-item-inner\"><div class=\"wpr-grid-media-wrap wpr-blur-in wpr-effect-size-small \" data-overlay-link=\"\"><div class=\"wpr-grid-image-wrap\" data-src=\"https:\/\/observatorioopara.com.br\/wp-content\/uploads\/2025\/09\/Captura-de-tela-2025-09-05-200005-1.png\" data-img-on-hover=\"\"  data-src-secondary=\"\"><img decoding=\"async\" data-no-lazy=\"1\" src=\"https:\/\/observatorioopara.com.br\/wp-content\/uploads\/2025\/09\/Captura-de-tela-2025-09-05-200005-1.png\" alt=\"Cotas raciais em concursos de remo\u00e7\u00e3o nos cart\u00f3rios: um passo crucial para a igualdade no Maranh\u00e3o.\" class=\"wpr-anim-timing-ease-out\"><\/div><div class=\"wpr-grid-media-hover wpr-animation-wrap\"><div class=\"wpr-grid-media-hover-bg \" data-url=\"https:\/\/observatorioopara.com.br\/?p=2424\"><\/div><\/div><\/div><div class=\"wpr-grid-item-below-content elementor-clearfix\"><div class=\"wpr-grid-item-category elementor-repeater-item-66ca227 wpr-grid-item-display-block wpr-grid-item-align-left wpr-pointer-none wpr-pointer-line-fx wpr-pointer-fx-fade wpr-grid-tax-style-1\"><div class=\"inner-block\"><a class=\" wpr-tax-id-8\" href=\"https:\/\/observatorioopara.com.br\/?cat=8\">Not\u00edcias<span class=\"tax-sep\">, <\/span><\/a><a class=\" wpr-tax-id-1\" href=\"https:\/\/observatorioopara.com.br\/?cat=1\">Opar\u00e1 em A\u00e7\u00e3o<\/a><\/div><\/div><h2 class=\"wpr-grid-item-title elementor-repeater-item-04b0433 wpr-grid-item-display-block wpr-grid-item-align-left wpr-pointer-none wpr-pointer-line-fx wpr-pointer-fx-fade\"><div class=\"inner-block\"><a target=\"_self\"  href=\"https:\/\/observatorioopara.com.br\/?p=2424\">Cotas raciais em concursos de remo\u00e7\u00e3o nos cart\u00f3rios: um passo crucial para a igualdade no Maranh\u00e3o.<\/a><\/div><\/h2><div class=\"wpr-grid-item-excerpt elementor-repeater-item-5241605 wpr-grid-item-display-block wpr-grid-item-align-left\"><div class=\"inner-block\"><p>A discuss\u00e3o sobre a aplica\u00e7\u00e3o de cotas raciais nos concursos p\u00fablicos para cart\u00f3rios, incluindo o provimento inicial e a remo\u00e7\u00e3o,...<\/p><\/div><\/div><div class=\"wpr-grid-item-read-more elementor-repeater-item-dc1027d wpr-grid-item-display-block wpr-grid-item-align-left\"><div class=\"inner-block\"><a target=\"_self\" href=\"https:\/\/observatorioopara.com.br\/?p=2424\" class=\"wpr-button-effect wpr-button-none\"><span class=\"wpr-grid-extra-icon-left\"><svg aria-hidden=\"true\" class=\"e-font-icon-svg e-fas-external-link-alt\" viewBox=\"0 0 512 512\" xmlns=\"http:\/\/www.w3.org\/2000\/svg\"><path d=\"M432,320H400a16,16,0,0,0-16,16V448H64V128H208a16,16,0,0,0,16-16V80a16,16,0,0,0-16-16H48A48,48,0,0,0,0,112V464a48,48,0,0,0,48,48H400a48,48,0,0,0,48-48V336A16,16,0,0,0,432,320ZM488,0h-128c-21.37,0-32.05,25.91-17,41l35.73,35.73L135,320.37a24,24,0,0,0,0,34L157.67,377a24,24,0,0,0,34,0L435.28,133.32,471,169c15,15,41,4.5,41-17V24A24,24,0,0,0,488,0Z\"><\/path><\/svg><\/span><span>Ver a\u00e7\u00e3o<\/span><\/a><\/div><\/div><\/div><\/div><\/article><article class=\"wpr-grid-item elementor-clearfix post-1144 post type-post status-publish format-standard has-post-thumbnail hentry category-noticias category-opara_em_acao\"><div class=\"wpr-grid-item-inner\"><div class=\"wpr-grid-media-wrap wpr-blur-in wpr-effect-size-small \" data-overlay-link=\"\"><div class=\"wpr-grid-image-wrap\" data-src=\"https:\/\/observatorioopara.com.br\/wp-content\/uploads\/2025\/06\/opara_em_acao2-1024x955.jpg\" data-img-on-hover=\"\"  data-src-secondary=\"\"><img decoding=\"async\" data-no-lazy=\"1\" src=\"https:\/\/observatorioopara.com.br\/wp-content\/uploads\/2025\/06\/opara_em_acao2-1024x955.jpg\" alt=\"Agradecimento e Compromisso com as Cotas Raciais no Servi\u00e7o P\u00fablico Federal\" class=\"wpr-anim-timing-ease-out\"><\/div><div class=\"wpr-grid-media-hover wpr-animation-wrap\"><div class=\"wpr-grid-media-hover-bg \" data-url=\"https:\/\/observatorioopara.com.br\/?p=1144\"><\/div><\/div><\/div><div class=\"wpr-grid-item-below-content elementor-clearfix\"><div class=\"wpr-grid-item-category elementor-repeater-item-66ca227 wpr-grid-item-display-block wpr-grid-item-align-left wpr-pointer-none wpr-pointer-line-fx wpr-pointer-fx-fade wpr-grid-tax-style-1\"><div class=\"inner-block\"><a class=\" wpr-tax-id-8\" href=\"https:\/\/observatorioopara.com.br\/?cat=8\">Not\u00edcias<span class=\"tax-sep\">, <\/span><\/a><a class=\" wpr-tax-id-1\" href=\"https:\/\/observatorioopara.com.br\/?cat=1\">Opar\u00e1 em A\u00e7\u00e3o<\/a><\/div><\/div><h2 class=\"wpr-grid-item-title elementor-repeater-item-04b0433 wpr-grid-item-display-block wpr-grid-item-align-left wpr-pointer-none wpr-pointer-line-fx wpr-pointer-fx-fade\"><div class=\"inner-block\"><a target=\"_self\"  href=\"https:\/\/observatorioopara.com.br\/?p=1144\">Agradecimento e Compromisso com as Cotas Raciais no Servi\u00e7o P\u00fablico Federal<\/a><\/div><\/h2><div class=\"wpr-grid-item-excerpt elementor-repeater-item-5241605 wpr-grid-item-display-block wpr-grid-item-align-left\"><div class=\"inner-block\"><p>A coordenadora do Observat\u00f3rio Opar\u00e1\/Univasf, Profa. Dra. Ana Luisa A. de Oliveira, reuniu-se hoje com Thais Costa, representante da Rede...<\/p><\/div><\/div><div class=\"wpr-grid-item-read-more elementor-repeater-item-dc1027d wpr-grid-item-display-block wpr-grid-item-align-left\"><div class=\"inner-block\"><a target=\"_self\" href=\"https:\/\/observatorioopara.com.br\/?p=1144\" class=\"wpr-button-effect wpr-button-none\"><span class=\"wpr-grid-extra-icon-left\"><svg aria-hidden=\"true\" class=\"e-font-icon-svg e-fas-external-link-alt\" viewBox=\"0 0 512 512\" xmlns=\"http:\/\/www.w3.org\/2000\/svg\"><path d=\"M432,320H400a16,16,0,0,0-16,16V448H64V128H208a16,16,0,0,0,16-16V80a16,16,0,0,0-16-16H48A48,48,0,0,0,0,112V464a48,48,0,0,0,48,48H400a48,48,0,0,0,48-48V336A16,16,0,0,0,432,320ZM488,0h-128c-21.37,0-32.05,25.91-17,41l35.73,35.73L135,320.37a24,24,0,0,0,0,34L157.67,377a24,24,0,0,0,34,0L435.28,133.32,471,169c15,15,41,4.5,41-17V24A24,24,0,0,0,488,0Z\"><\/path><\/svg><\/span><span>Ver a\u00e7\u00e3o<\/span><\/a><\/div><\/div><\/div><\/div><\/article><article class=\"wpr-grid-item elementor-clearfix post-986 post type-post status-publish format-standard has-post-thumbnail hentry category-noticias category-opara_em_acao\"><div class=\"wpr-grid-item-inner\"><div class=\"wpr-grid-media-wrap wpr-blur-in wpr-effect-size-small \" data-overlay-link=\"\"><div class=\"wpr-grid-image-wrap\" data-src=\"https:\/\/observatorioopara.com.br\/wp-content\/uploads\/2025\/02\/1o-Simposio-819x1024.png\" data-img-on-hover=\"\"  data-src-secondary=\"\"><img decoding=\"async\" data-no-lazy=\"1\" src=\"https:\/\/observatorioopara.com.br\/wp-content\/uploads\/2025\/02\/1o-Simposio-819x1024.png\" alt=\"Simp\u00f3sio sobre Quest\u00e3o Racial abre inscri\u00e7\u00f5es e chamada para submiss\u00e3o de trabalhos na Universidade Federal do Vale do S\u00e3o Francisco (Univasf), Petrolina-PE\" class=\"wpr-anim-timing-ease-out\"><\/div><div class=\"wpr-grid-media-hover wpr-animation-wrap\"><div class=\"wpr-grid-media-hover-bg \" data-url=\"https:\/\/observatorioopara.com.br\/?p=986\"><\/div><\/div><\/div><div class=\"wpr-grid-item-below-content elementor-clearfix\"><div class=\"wpr-grid-item-category elementor-repeater-item-66ca227 wpr-grid-item-display-block wpr-grid-item-align-left wpr-pointer-none wpr-pointer-line-fx wpr-pointer-fx-fade wpr-grid-tax-style-1\"><div class=\"inner-block\"><a class=\" wpr-tax-id-8\" href=\"https:\/\/observatorioopara.com.br\/?cat=8\">Not\u00edcias<span class=\"tax-sep\">, <\/span><\/a><a class=\" wpr-tax-id-1\" href=\"https:\/\/observatorioopara.com.br\/?cat=1\">Opar\u00e1 em A\u00e7\u00e3o<\/a><\/div><\/div><h2 class=\"wpr-grid-item-title elementor-repeater-item-04b0433 wpr-grid-item-display-block wpr-grid-item-align-left wpr-pointer-none wpr-pointer-line-fx wpr-pointer-fx-fade\"><div class=\"inner-block\"><a target=\"_self\"  href=\"https:\/\/observatorioopara.com.br\/?p=986\">Simp\u00f3sio sobre Quest\u00e3o Racial abre inscri\u00e7\u00f5es e chamada para submiss\u00e3o de trabalhos na Universidade Federal do Vale do S\u00e3o Francisco&hellip;<\/a><\/div><\/h2><div class=\"wpr-grid-item-excerpt elementor-repeater-item-5241605 wpr-grid-item-display-block wpr-grid-item-align-left\"><div class=\"inner-block\"><p>Por Ana Luisa Araujo de Oliveira Est\u00e3o abertas as inscri\u00e7\u00f5es e as submiss\u00f5es de trabalho para o 1\u00ba Simp\u00f3sio sobre...<\/p><\/div><\/div><div class=\"wpr-grid-item-read-more elementor-repeater-item-dc1027d wpr-grid-item-display-block wpr-grid-item-align-left\"><div class=\"inner-block\"><a target=\"_self\" href=\"https:\/\/observatorioopara.com.br\/?p=986\" class=\"wpr-button-effect wpr-button-none\"><span class=\"wpr-grid-extra-icon-left\"><svg aria-hidden=\"true\" class=\"e-font-icon-svg e-fas-external-link-alt\" viewBox=\"0 0 512 512\" xmlns=\"http:\/\/www.w3.org\/2000\/svg\"><path d=\"M432,320H400a16,16,0,0,0-16,16V448H64V128H208a16,16,0,0,0,16-16V80a16,16,0,0,0-16-16H48A48,48,0,0,0,0,112V464a48,48,0,0,0,48,48H400a48,48,0,0,0,48-48V336A16,16,0,0,0,432,320ZM488,0h-128c-21.37,0-32.05,25.91-17,41l35.73,35.73L135,320.37a24,24,0,0,0,0,34L157.67,377a24,24,0,0,0,34,0L435.28,133.32,471,169c15,15,41,4.5,41-17V24A24,24,0,0,0,488,0Z\"><\/path><\/svg><\/span><span>Ver a\u00e7\u00e3o<\/span><\/a><\/div><\/div><\/div><\/div><\/article><article class=\"wpr-grid-item elementor-clearfix post-801 post type-post status-publish format-standard has-post-thumbnail hentry category-noticias category-opara_em_acao\"><div class=\"wpr-grid-item-inner\"><div class=\"wpr-grid-media-wrap wpr-blur-in wpr-effect-size-small \" data-overlay-link=\"\"><div class=\"wpr-grid-image-wrap\" data-src=\"https:\/\/observatorioopara.com.br\/wp-content\/uploads\/2025\/01\/Imagem-do-WhatsApp-de-2024-07-17-as-20.22.58_6c7d3f02.jpg\" data-img-on-hover=\"\"  data-src-secondary=\"\"><img decoding=\"async\" data-no-lazy=\"1\" src=\"https:\/\/observatorioopara.com.br\/wp-content\/uploads\/2025\/01\/Imagem-do-WhatsApp-de-2024-07-17-as-20.22.58_6c7d3f02.jpg\" alt=\"Chamada para a live sobre a ADI 7654\" class=\"wpr-anim-timing-ease-out\"><\/div><div class=\"wpr-grid-media-hover wpr-animation-wrap\"><div class=\"wpr-grid-media-hover-bg \" data-url=\"https:\/\/observatorioopara.com.br\/?p=801\"><\/div><\/div><\/div><div class=\"wpr-grid-item-below-content elementor-clearfix\"><div class=\"wpr-grid-item-category elementor-repeater-item-66ca227 wpr-grid-item-display-block wpr-grid-item-align-left wpr-pointer-none wpr-pointer-line-fx wpr-pointer-fx-fade wpr-grid-tax-style-1\"><div class=\"inner-block\"><a class=\" wpr-tax-id-8\" href=\"https:\/\/observatorioopara.com.br\/?cat=8\">Not\u00edcias<span class=\"tax-sep\">, <\/span><\/a><a class=\" wpr-tax-id-1\" href=\"https:\/\/observatorioopara.com.br\/?cat=1\">Opar\u00e1 em A\u00e7\u00e3o<\/a><\/div><\/div><h2 class=\"wpr-grid-item-title elementor-repeater-item-04b0433 wpr-grid-item-display-block wpr-grid-item-align-left wpr-pointer-none wpr-pointer-line-fx wpr-pointer-fx-fade\"><div class=\"inner-block\"><a target=\"_self\"  href=\"https:\/\/observatorioopara.com.br\/?p=801\">Opar\u00e1 em A\u00e7\u00e3o &#8211; A\u00e7\u00e3o Declarat\u00f3ria de Inconstitucionalidade (ADI) 7654<\/a><\/div><\/h2><div class=\"wpr-grid-item-excerpt elementor-repeater-item-5241605 wpr-grid-item-display-block wpr-grid-item-align-left\"><div class=\"inner-block\"><p>A partir das discuss\u00f5es do relat\u00f3rio \u201cA implementa\u00e7\u00e3o da Lei n\u00ba 12.990\/2014: um cen\u00e1rio devastador de fraudes\u201d, o Opar\u00e1 criou...<\/p><\/div><\/div><div class=\"wpr-grid-item-read-more elementor-repeater-item-dc1027d wpr-grid-item-display-block wpr-grid-item-align-left\"><div class=\"inner-block\"><a target=\"_self\" href=\"https:\/\/observatorioopara.com.br\/?p=801\" class=\"wpr-button-effect wpr-button-none\"><span class=\"wpr-grid-extra-icon-left\"><svg aria-hidden=\"true\" class=\"e-font-icon-svg e-fas-external-link-alt\" viewBox=\"0 0 512 512\" xmlns=\"http:\/\/www.w3.org\/2000\/svg\"><path d=\"M432,320H400a16,16,0,0,0-16,16V448H64V128H208a16,16,0,0,0,16-16V80a16,16,0,0,0-16-16H48A48,48,0,0,0,0,112V464a48,48,0,0,0,48,48H400a48,48,0,0,0,48-48V336A16,16,0,0,0,432,320ZM488,0h-128c-21.37,0-32.05,25.91-17,41l35.73,35.73L135,320.37a24,24,0,0,0,0,34L157.67,377a24,24,0,0,0,34,0L435.28,133.32,471,169c15,15,41,4.5,41-17V24A24,24,0,0,0,488,0Z\"><\/path><\/svg><\/span><span>Ver a\u00e7\u00e3o<\/span><\/a><\/div><\/div><\/div><\/div><\/article><\/section><div class=\"wpr-grid-pagination elementor-clearfix wpr-grid-pagination-load-more\" data-pages=\"2\"><a href=\"https:\/\/observatorioopara.com.br\/index.php?rest_route=%2Fwp%2Fv2%2Fpages%2F613&#038;paged=2\" class=\"wpr-load-more-btn\" data-e-disable-page-transition >Ver mais<\/a><div class=\"wpr-pagination-loading\"><div class=\"wpr-double-bounce\"><div class=\"wpr-child wpr-double-bounce1\"><\/div><div class=\"wpr-child wpr-double-bounce2\"><\/div><\/div><\/div><p class=\"wpr-pagination-finish\">N\u00e3o h\u00e1 mais documentos ou relat\u00f3rios \u200bdispon\u00edveis no momento.<\/p><\/div>\t\t\t\t<\/div>\n\t\t\t\t<\/div>\n\t\t\t\t\t<\/div>\n\t\t<\/div>\n\t\t\t\t\t<\/div>\n\t\t<\/section>\n\t\t\t\t<\/div>\n\t\t","protected":false},"excerpt":{"rendered":"<p>Todas Opar\u00e1 em A\u00e7\u00e3o Not\u00edcias, Opar\u00e1 em A\u00e7\u00e3o Opar\u00e1 em A\u00e7\u00e3o &#8211; A\u00e7\u00e3o Declarat\u00f3ria de Inconstitucionalidade A partir das discuss\u00f5es do relat\u00f3rio \u201cA implementa\u00e7\u00e3o da Lei n\u00ba 12.990\/2014: um cen\u00e1rio devastador de fraudes\u201d, o Opar\u00e1 criou&hellip; Ver a\u00e7\u00e3o Opar\u00e1 em A\u00e7\u00e3o Opar\u00e1 em A\u00e7\u00e3o &#8211; Lei n\u00ba 12.990\/2014 na UFCAT Em junho de 2024 o Opar\u00e1 foi convidado a fazer uma reuni\u00e3o com a Secretaria de A\u00e7\u00f5es Afirmativas (SEAF) e&hellip; Ver a\u00e7\u00e3o Opar\u00e1 em A\u00e7\u00e3o Opar\u00e1 em A\u00e7\u00e3o &#8211; Recupera\u00e7\u00e3o das vagas na Univasf O Opar\u00e1 apresentou proposi\u00e7\u00e3o ao Conselho Universit\u00e1rio da Universidade Federal do Vale do S\u00e3o Francisco (Univasf) para a repara\u00e7\u00e3o de&hellip; Ver a\u00e7\u00e3o Opar\u00e1 em A\u00e7\u00e3o Opar\u00e1 em A\u00e7\u00e3o &#8211; Recupera\u00e7\u00e3o das vagas na UFPel Desde o in\u00edcio da luta pela plena efetividade da Lei n.\u00ba 12.990\/2014 na Univasf estava a luta pelo reconhecimento do&hellip; Ver a\u00e7\u00e3o Opar\u00e1 em A\u00e7\u00e3o Opar\u00e1 em A\u00e7\u00e3o &#8211; Semana de 18 a 21 de mar\u00e7o de 2024 Bras\u00edlia, o centro pol\u00edtico no \u00e2mbito federal, foi o local escolhido pelo Opar\u00e1 e pelo Movimento Negro Unificado (MNU) para&hellip; Ver a\u00e7\u00e3o<\/p>\n","protected":false},"author":1,"featured_media":0,"parent":0,"menu_order":0,"comment_status":"closed","ping_status":"closed","template":"","meta":{"footnotes":""},"class_list":["post-613","page","type-page","status-publish","hentry"],"_links":{"self":[{"href":"https:\/\/observatorioopara.com.br\/index.php?rest_route=\/wp\/v2\/pages\/613","targetHints":{"allow":["GET"]}}],"collection":[{"href":"https:\/\/observatorioopara.com.br\/index.php?rest_route=\/wp\/v2\/pages"}],"about":[{"href":"https:\/\/observatorioopara.com.br\/index.php?rest_route=\/wp\/v2\/types\/page"}],"author":[{"embeddable":true,"href":"https:\/\/observatorioopara.com.br\/index.php?rest_route=\/wp\/v2\/users\/1"}],"replies":[{"embeddable":true,"href":"https:\/\/observatorioopara.com.br\/index.php?rest_route=%2Fwp%2Fv2%2Fcomments&post=613"}],"version-history":[{"count":18,"href":"https:\/\/observatorioopara.com.br\/index.php?rest_route=\/wp\/v2\/pages\/613\/revisions"}],"predecessor-version":[{"id":812,"href":"https:\/\/observatorioopara.com.br\/index.php?rest_route=\/wp\/v2\/pages\/613\/revisions\/812"}],"wp:attachment":[{"href":"https:\/\/observatorioopara.com.br\/index.php?rest_route=%2Fwp%2Fv2%2Fmedia&parent=613"}],"curies":[{"name":"wp","href":"https:\/\/api.w.org\/{rel}","templated":true}]}}